{"version":"1.0","provider_name":"Porta Mallorquina Blog","provider_url":"https:\/\/www.porta-mallorquina.es\/blog","author_name":"Porta Mallorquina","author_url":"https:\/\/www.porta-mallorquina.es\/blog\/author\/petraz\/","title":"Nuevo en nuestras regiones de ventas - Porta Mallorquina Blog","type":"rich","width":600,"height":338,"html":"<blockquote class=\"wp-embedded-content\" data-secret=\"6JqJwPcE3S\"><a href=\"https:\/\/www.porta-mallorquina.es\/blog\/nuevo-en-nuestras-regiones-de-ventas\/\">Nuevo en nuestras regiones de ventas<\/a><\/blockquote><iframe sandbox=\"allow-scripts\" security=\"restricted\" src=\"https:\/\/www.porta-mallorquina.es\/blog\/nuevo-en-nuestras-regiones-de-ventas\/embed\/#?secret=6JqJwPcE3S\" width=\"600\" height=\"338\" title=\"&#8220;Nuevo en nuestras regiones de ventas&#8221; &#8212; Porta Mallorquina Blog\" data-secret=\"6JqJwPcE3S\" frameborder=\"0\" marginwidth=\"0\" marginheight=\"0\" scrolling=\"no\" class=\"wp-embedded-content\"><\/iframe><script type=\"text\/javascript\">\n\/* <![CDATA[ *\/\n\/*! This file is auto-generated *\/\n!function(d,l){\"use strict\";l.querySelector&&d.addEventListener&&\"undefined\"!=typeof URL&&(d.wp=d.wp||{},d.wp.receiveEmbedMessage||(d.wp.receiveEmbedMessage=function(e){var t=e.data;if((t||t.secret||t.message||t.value)&&!\/[^a-zA-Z0-9]\/.test(t.secret)){for(var s,r,n,a=l.querySelectorAll('iframe[data-secret=\"'+t.secret+'\"]'),o=l.querySelectorAll('blockquote[data-secret=\"'+t.secret+'\"]'),c=new RegExp(\"^https?:$\",\"i\"),i=0;i<o.length;i++)o[i].style.display=\"none\";for(i=0;i<a.length;i++)s=a[i],e.source===s.contentWindow&&(s.removeAttribute(\"style\"),\"height\"===t.message?(1e3<(r=parseInt(t.value,10))?r=1e3:~~r<200&&(r=200),s.height=r):\"link\"===t.message&&(r=new URL(s.getAttribute(\"src\")),n=new URL(t.value),c.test(n.protocol))&&n.host===r.host&&l.activeElement===s&&(d.top.location.href=t.value))}},d.addEventListener(\"message\",d.wp.receiveEmbedMessage,!1),l.addEventListener(\"DOMContentLoaded\",function(){for(var e,t,s=l.querySelectorAll(\"iframe.wp-embedded-content\"),r=0;r<s.length;r++)(t=(e=s[r]).getAttribute(\"data-secret\"))||(t=Math.random().toString(36).substring(2,12),e.src+=\"#?secret=\"+t,e.setAttribute(\"data-secret\",t)),e.contentWindow.postMessage({message:\"ready\",secret:t},\"*\")},!1)))}(window,document);\n\/\/# sourceURL=https:\/\/www.porta-mallorquina.es\/blog\/wp-includes\/js\/wp-embed.min.js\n\/* ]]> *\/\n<\/script>\n","description":"A partir del 1 de junio, Stephan Hoffmann pasar\u00e1 a hacerse cargo de la direcci\u00f3n ejecutiva de la regi\u00f3n de ventas Norte. Stephan Hoffmann es uno de los empleados Stephan Hoffmann, nuevo director ejecutivo en la regi\u00f3n Norte. m\u00e1s antiguos de Porta Mallorquina y dirige nuestra compa\u00f1\u00eda desde 2007. Durante los \u00faltimos a\u00f1os ha estado [&hellip;]","thumbnail_url":"https:\/\/www.porta-mallorquina.es\/blog\/mallorca\/StephanH.jpg"}